{"id":369845,"date":"2023-10-07T14:20:00","date_gmt":"2023-10-07T12:20:00","guid":{"rendered":"https:\/\/ooiio23.kuolitymarketing.es\/project\/el-almacen-square\/"},"modified":"2024-11-04T17:17:27","modified_gmt":"2024-11-04T16:17:27","slug":"el-almacen-square","status":"publish","type":"project","link":"https:\/\/ooiio.com\/en\/project\/el-almacen-square\/","title":{"rendered":"EL ALMAC\u00c9N SQUARE"},"content":{"rendered":"<p>[et_pb_section fb_built=&#8221;1&#8243; fullwidth=&#8221;on&#8221; _builder_version=&#8221;4.22.1&#8243; _module_preset=&#8221;default&#8221; custom_margin=&#8221;||0px||false|false&#8221; da_disable_devices=&#8221;off|off|off&#8221; locked=&#8221;off&#8221; global_colors_info=&#8221;{}&#8221; da_is_popup=&#8221;off&#8221; da_exit_intent=&#8221;off&#8221; da_has_close=&#8221;on&#8221; da_alt_close=&#8221;off&#8221; da_dark_close=&#8221;off&#8221; da_not_modal=&#8221;on&#8221; da_is_singular=&#8221;off&#8221; da_with_loader=&#8221;off&#8221; da_has_shadow=&#8221;on&#8221;][et_pb_fullwidth_image src=&#8221;https:\/\/ooiio.com\/wp-content\/uploads\/2023\/11\/Urban-Design-OOIIO-Arquitectura.webp&#8221; alt=&#8221;Urban Design OOIIO Arquitectura&#8221; title_text=&#8221;Urban Design OOIIO Arquitectura m&#8221; src_tablet=&#8221;https:\/\/ooiio.com\/wp-content\/uploads\/2023\/11\/Urban-Design-OOIIO-Arquitectura-m.webp&#8221; src_phone=&#8221;https:\/\/ooiio.com\/wp-content\/uploads\/2023\/11\/Urban-Design-OOIIO-Arquitectura-m.webp&#8221; src_last_edited=&#8221;on|phone&#8221; admin_label=&#8221;Imagen de anchura completa&#8221; _builder_version=&#8221;4.23.1&#8243; _module_preset=&#8221;default&#8221; custom_margin=&#8221;-4vw||-4vw||true|false&#8221; custom_margin_tablet=&#8221;0px||0px||true|false&#8221; custom_margin_phone=&#8221;0px||0px||true|false&#8221; custom_margin_last_edited=&#8221;on|phone&#8221; custom_padding=&#8221;||||false|false&#8221; global_colors_info=&#8221;{}&#8221;][\/et_pb_fullwidth_image][\/et_pb_section][et_pb_section fb_built=&#8221;1&#8243; custom_padding_last_edited=&#8221;on|tablet&#8221; admin_label=&#8221;Thor Slider &#8211; Ragnar&#8221; module_class=&#8221;ragnar_slider_thor&#8221; _builder_version=&#8221;4.16&#8243; _module_preset=&#8221;default&#8221; background_color=&#8221;RGBA(255,255,255,0)&#8221; custom_padding=&#8221;0px||0px||true|false&#8221; custom_padding_tablet=&#8221;40px||40px||false|false&#8221; custom_padding_phone=&#8221;40px||20px||false|false&#8221; da_disable_devices=&#8221;off|off|off&#8221; collapsed=&#8221;off&#8221; global_colors_info=&#8221;{}&#8221; da_is_popup=&#8221;off&#8221; da_exit_intent=&#8221;off&#8221; da_has_close=&#8221;on&#8221; da_alt_close=&#8221;off&#8221; da_dark_close=&#8221;off&#8221; da_not_modal=&#8221;on&#8221; da_is_singular=&#8221;off&#8221; da_with_loader=&#8221;off&#8221; da_has_shadow=&#8221;on&#8221;][et_pb_row column_structure=&#8221;1_2,1_2&#8243; admin_label=&#8221;Toke Header &#8211; Ragnar &#8211; Row&#8221; module_class=&#8221;ragnar_slider_thor&#8221; _builder_version=&#8221;4.24.0&#8243; _module_preset=&#8221;default&#8221; width=&#8221;90%&#8221; max_width=&#8221;1170px&#8221; module_alignment=&#8221;left&#8221; height=&#8221;100%&#8221; custom_padding=&#8221;6px|||||&#8221; custom_css_main_element=&#8221;text-align: center;&#8221; locked=&#8221;off&#8221; global_colors_info=&#8221;{}&#8221;][et_pb_column type=&#8221;1_2&#8243; _builder_version=&#8221;4.16&#8243; _module_preset=&#8221;default&#8221; custom_css_main_element=&#8221;height: 100%;&#8221; global_colors_info=&#8221;{}&#8221;][et_pb_cta title=&#8221;@ET-DC@eyJkeW5hbWljIjp0cnVlLCJjb250ZW50IjoicG9zdF90aXRsZSIsInNldHRpbmdzIjp7ImJlZm9yZSI6IiIsImFmdGVyIjoiIn19@&#8221; admin_label=&#8221;Toke Header &#8211; Ragnar &#8211; Call To Action &#8211; Like No Other&#8221; module_class=&#8221;ragnar_slider_thor&#8221; _builder_version=&#8221;4.22.1&#8243; _dynamic_attributes=&#8221;title&#8221; _module_preset=&#8221;0c34bea2-bad3-40f9-9089-62c8bb340ba9&#8243; header_line_height=&#8221;1.4em&#8221; background_color=&#8221;#FFFFFF&#8221; use_background_color=&#8221;on&#8221; custom_padding=&#8221;3%||||false|false&#8221; global_colors_info=&#8221;{}&#8221;]The fair as an Urban Design proposal[\/et_pb_cta][\/et_pb_column][et_pb_column type=&#8221;1_2&#8243; _builder_version=&#8221;4.16&#8243; _module_preset=&#8221;default&#8221; custom_css_main_element=&#8221;height: 100%;&#8221; global_colors_info=&#8221;{}&#8221;][\/et_pb_column][\/et_pb_row][et_pb_row column_structure=&#8221;1_2,1_2&#8243; use_custom_gutter=&#8221;on&#8221; gutter_width=&#8221;4&#8243; custom_padding_last_edited=&#8221;on|tablet&#8221; admin_label=&#8221;Change vertical line in Row settings &#8211; Advanced &#8211; Custom CSS &#8211; Before&#8221; _builder_version=&#8221;4.22.1&#8243; _module_preset=&#8221;default&#8221; width=&#8221;90%&#8221; max_width=&#8221;1170px&#8221; custom_margin=&#8221;|auto||auto|false|false&#8221; custom_padding=&#8221;||0px||false|false&#8221; custom_padding_tablet=&#8221;||40px||false|false&#8221; custom_padding_phone=&#8221;||20px||false|false&#8221; custom_css_before=&#8221;background:  #dcdcdc;||position: absolute;||content: &#8221;;||height: 100%;||width: 5px;||display: table;||opacity: 1;||visibility: visible;||left: 50%;||transform: translate(-20%, -10%);||top: 0;&#8221; collapsed=&#8221;off&#8221; global_colors_info=&#8221;{}&#8221; custom_css_before_last_edited=&#8221;on|desktop&#8221; custom_css_before_phone=&#8221;display: none;&#8221; custom_css_before_tablet=&#8221;display: none;&#8221;][et_pb_column type=&#8221;1_2&#8243; _builder_version=&#8221;4.16&#8243; _module_preset=&#8221;default&#8221; global_colors_info=&#8221;{}&#8221;][et_pb_text _builder_version=&#8221;4.27.0&#8243; _module_preset=&#8221;default&#8221; hover_enabled=&#8221;0&#8243; sticky_enabled=&#8221;0&#8243;]<\/p>\n<span><span><a href=\"https:\/\/ooiio.com\/en\/\">Portada<\/a><\/span><\/span>\n<p>[\/et_pb_text][et_pb_text admin_label=&#8221;Torsten content &#8211; Ragnar &#8211; Text &#8211; Our Challenges&#8221; _builder_version=&#8221;4.22.1&#8243; _module_preset=&#8221;de2e2fa2-3a79-498a-aca9-57078ac4f52c&#8221; text_text_color=&#8221;#989b9f&#8221; text_font_size=&#8221;18px&#8221; text_line_height=&#8221;1.8em&#8221; ul_text_color=&#8221;#000000&#8243; ul_line_height=&#8221;1.8em&#8221; header_font_size_last_edited=&#8221;off|tablet&#8221; locked=&#8221;off&#8221; global_colors_info=&#8221;{}&#8221;]<\/p>\n<ul>\n<li><b>Status<\/b>: Competition.<\/li>\n<li><strong>Project Year<\/strong>: 2018.<\/li>\n<li><strong>Location<\/strong>: Arrecife, Lanzarote. Spain<\/li>\n<li><strong>Area<\/strong>: 1.120 m2.<\/li>\n<li><strong>Design<\/strong>: OOIIO Architecture.<\/li>\n<li><strong>Team:<\/strong><span> <\/span>Joaqu\u00edn Mill\u00e1n Villamuelas, Jes\u00fas reyes Garc\u00eda, Marina G\u00f3mez Mar\u00edn.<\/li>\n<li><strong>Client<\/strong>: Cabildo de Lanzarote.<\/li>\n<\/ul>\n<p>[\/et_pb_text][\/et_pb_column][et_pb_column type=&#8221;1_2&#8243; _builder_version=&#8221;4.16&#8243; _module_preset=&#8221;default&#8221; global_colors_info=&#8221;{}&#8221;][et_pb_text admin_label=&#8221;Thor Slider &#8211; Ragnar &#8211; Text &#8211; The Power to Be Your Best&#8221; _builder_version=&#8221;4.22.1&#8243; _module_preset=&#8221;de2e2fa2-3a79-498a-aca9-57078ac4f52c&#8221; locked=&#8221;off&#8221; global_colors_info=&#8221;{}&#8221;]<\/p>\n<p><strong>ARTELUGIOS<\/strong><\/p>\n<p>Urban design inspired by the world of fairs.<\/p>\n<p>The Plaza as the space of expression and social relationship par excellence, an area that holds daily collective life.<\/p>\n<p>A Cultural Plaza. A place of expression and knowledge in the open air. This proposal was born with the ambition to give identity and character to an island. Show its modernity to the world,   <\/p>\n<p>without forgetting to conserve and reinterpret the memory of its inhabitants, the incredible natural spaces of Lanzarote, its art, its heritage.<\/p>\n<p>In the square different environments coexist where the central space that unites them allows to develop all kinds of spontaneous activities, giving rise to a highly flexible and dynamic space<\/p>\n<p>[\/et_pb_text][\/et_pb_column][\/et_pb_row][\/et_pb_section][et_pb_section fb_built=&#8221;1&#8243; _builder_version=&#8221;4.21.0&#8243; _module_preset=&#8221;default&#8221; custom_padding=&#8221;||0px|||&#8221; da_disable_devices=&#8221;off|off|off&#8221; locked=&#8221;off&#8221; global_colors_info=&#8221;{}&#8221; da_is_popup=&#8221;off&#8221; da_exit_intent=&#8221;off&#8221; da_has_close=&#8221;on&#8221; da_alt_close=&#8221;off&#8221; da_dark_close=&#8221;off&#8221; da_not_modal=&#8221;on&#8221; da_is_singular=&#8221;off&#8221; da_with_loader=&#8221;off&#8221; da_has_shadow=&#8221;on&#8221;][et_pb_row column_structure=&#8221;1_2,1_2&#8243; _builder_version=&#8221;4.21.2&#8243; _module_preset=&#8221;default&#8221; width=&#8221;81.1%&#8221; max_width=&#8221;100%&#8221; global_colors_info=&#8221;{}&#8221;][et_pb_column type=&#8221;1_2&#8243; _builder_version=&#8221;4.21.0&#8243; _module_preset=&#8221;default&#8221; global_colors_info=&#8221;{}&#8221;][et_pb_gallery gallery_ids=&#8221;368748,368750,368752&#8243; fullwidth=&#8221;on&#8221; _builder_version=&#8221;4.23.1&#8243; _module_preset=&#8221;default&#8221; width=&#8221;100%&#8221; width_tablet=&#8221;100%&#8221; width_phone=&#8221;100%&#8221; width_last_edited=&#8221;off|phone&#8221; max_width=&#8221;100%&#8221; module_alignment=&#8221;center&#8221; locked=&#8221;off&#8221; global_colors_info=&#8221;{}&#8221;][\/et_pb_gallery][\/et_pb_column][et_pb_column type=&#8221;1_2&#8243; _builder_version=&#8221;4.21.2&#8243; _module_preset=&#8221;default&#8221; custom_css_main_element=&#8221;align-items: flex-end;&#8221; global_colors_info=&#8221;{}&#8221;][et_pb_gallery gallery_ids=&#8221;368754,368756,368758&#8243; fullwidth=&#8221;on&#8221; _builder_version=&#8221;4.23.1&#8243; _module_preset=&#8221;default&#8221; width=&#8221;100%&#8221; width_tablet=&#8221;100%&#8221; width_phone=&#8221;100%&#8221; width_last_edited=&#8221;off|phone&#8221; max_width=&#8221;100%&#8221; module_alignment=&#8221;center&#8221; locked=&#8221;off&#8221; global_colors_info=&#8221;{}&#8221;][\/et_pb_gallery][\/et_pb_column][\/et_pb_row][et_pb_row column_structure=&#8221;1_2,1_2&#8243; custom_padding_last_edited=&#8221;on|phone&#8221; admin_label=&#8221;Change vertical line in Row settings &#8211; Advanced &#8211; Custom CSS &#8211; Before&#8221; _builder_version=&#8221;4.16&#8243; _module_preset=&#8221;default&#8221; width=&#8221;90%&#8221; max_width=&#8221;1170px&#8221; custom_padding=&#8221;0px||81px||false|false&#8221; custom_padding_tablet=&#8221;||20px||false|false&#8221; custom_padding_phone=&#8221;||20px||false|false&#8221; custom_css_before=&#8221;background: #dcdcdc;||position: absolute;||content: &#8221;;||height: 600px;||width: 5px;||display: table;||opacity: 1;||visibility: visible;||left: 50%;||transform: translate(-50%, -50%);||top: 0px;&#8221; locked=&#8221;off&#8221; collapsed=&#8221;off&#8221; global_colors_info=&#8221;{}&#8221; custom_css_before_last_edited=&#8221;on|desktop&#8221; custom_css_before_tablet=&#8221;display: none;&#8221; custom_css_before_phone=&#8221;display: none;&#8221;][et_pb_column type=&#8221;1_2&#8243; _builder_version=&#8221;4.16&#8243; _module_preset=&#8221;default&#8221; global_colors_info=&#8221;{}&#8221;][et_pb_text admin_label=&#8221;Torsten content &#8211; Ragnar &#8211; Text &#8211; Our Challenges&#8221; _builder_version=&#8221;4.22.1&#8243; _module_preset=&#8221;de2e2fa2-3a79-498a-aca9-57078ac4f52c&#8221; global_colors_info=&#8221;{}&#8221;]<\/p>\n<div class=\"flex_column av-9q6la-df7239a47309c87d6f3995b1a602b202 av_one_half avia-builder-el-2 el_before_av_one_half avia-builder-el-first first flex_column_div av-zero-column-padding \">\n<section class=\"av_textblock_section av-2ks35y-7131ef67aad9375672a8b7dfa0d9a155\" itemscope=\"itemscope\" itemtype=\"https:\/\/schema.org\/BlogPosting\" itemprop=\"blogPost\">\n<div class=\"avia_textblock av_inherit_color\" itemprop=\"text\">\n<div class=\"column_three_fourths\">\n<div class=\"column_three_fourths\">\n<div class=\"column_three_fourths\">\n<div class=\"column_three_fourths\">\n<p style=\"text-align: left;\"><strong>TEACHING, LEISURE, VERSATIL, SENSORIAL, ACCESSIBLE, UNIVERSAL, SUSTAINABLE<\/strong><\/p>\n<p><strong>THE PLACE FOR MY RECREATION<\/strong><\/p>\n<p>This plaza prints identity and character to the public space.<\/p>\n<p>An urban design that acts as a balance between the city and nature, its inhabitants can perceive the explosion of sensations that the proposed system arouses:<\/p>\n<p>A group of light circular structures that embrace you, collect you, invite you to escape from the dynamic urban flow, to move you to an environment that favors the stay, rest, recreation, contemplation.<\/p>\n<p>We propose a walk through a contemporary landscape with constant winks to the island\u2019s own elements that take you to an atmosphere where water and nature are always present, generating fresh spaces with cast shadows and rooms for collective enjoyment.<\/p>\n<\/div>\n<\/div>\n<\/div>\n<\/div>\n<\/div>\n<\/section>\n<\/div>\n<p>[\/et_pb_text][\/et_pb_column][et_pb_column type=&#8221;1_2&#8243; _builder_version=&#8221;4.16&#8243; _module_preset=&#8221;default&#8221; global_colors_info=&#8221;{}&#8221;][et_pb_text admin_label=&#8221;Torsten content &#8211; Ragnar &#8211; Text &#8211; Our Challenges&#8221; _builder_version=&#8221;4.22.1&#8243; _module_preset=&#8221;de2e2fa2-3a79-498a-aca9-57078ac4f52c&#8221; custom_margin=&#8221;||69px|||&#8221; global_colors_info=&#8221;{}&#8221;]<\/p>\n<div class=\"column_three_fourths\">\n<div class=\"column_three_fourths\">\n<div class=\"column_three_fourths\">\n<div class=\"column_three_fourths\">\n<p>The circle has been chosen for this urban design as an expression of the unit that closes in on itself and protects.<\/p>\n<p>It is the form that contains the other forms. It represents the cycle of life that has neither beginning nor end. <\/p>\n<p>In each ARTELUGIO we identify this desire to exalt and value sensory and natural aspects, the water, the native vegetation, protected by the volcanic rocks of the island, promoting recreation, reading, music, and sound. All this through simple structures designed on environmental and sustainability principles. If your place is sustainable, you start to give value to sustainability, you introduce it in your day to day.  <\/p>\n<p>It is a dynamic space. We play with color, essential in our proposal of circular spots that spread across the floor, expanding and blurring the current limits of the square. <\/p>\n<\/div>\n<div class=\"column_three_fourths\"><\/div>\n<div class=\"column_one_fourth last\"><\/div>\n<\/div>\n<\/div>\n<\/div>\n<p>[\/et_pb_text][\/et_pb_column][\/et_pb_row][et_pb_row _builder_version=&#8221;4.21.0&#8243; _module_preset=&#8221;default&#8221; width=&#8221;100%&#8221; max_width=&#8221;100%&#8221; custom_margin=&#8221;3px|auto||auto||&#8221; custom_padding=&#8221;34px|||||&#8221; global_colors_info=&#8221;{}&#8221;][et_pb_column type=&#8221;4_4&#8243; _builder_version=&#8221;4.21.0&#8243; _module_preset=&#8221;default&#8221; global_colors_info=&#8221;{}&#8221;][et_pb_gallery gallery_ids=&#8221;368760,368762,368764,368766&#8243; fullwidth=&#8221;on&#8221; _builder_version=&#8221;4.23.1&#8243; _module_preset=&#8221;default&#8221; width=&#8221;100%&#8221; width_tablet=&#8221;100%&#8221; width_phone=&#8221;100%&#8221; width_last_edited=&#8221;off|phone&#8221; max_width=&#8221;100%&#8221; module_alignment=&#8221;center&#8221; custom_padding=&#8221;|10%||10%|false|true&#8221; locked=&#8221;off&#8221; global_colors_info=&#8221;{}&#8221;][\/et_pb_gallery][\/et_pb_column][\/et_pb_row][et_pb_row column_structure=&#8221;1_2,1_2&#8243; _builder_version=&#8221;4.23.1&#8243; _module_preset=&#8221;default&#8221; max_width=&#8221;100%&#8221; custom_margin=&#8221;84px|auto||auto||&#8221; custom_margin_tablet=&#8221;0px|auto||auto|false|false&#8221; custom_margin_phone=&#8221;0px|auto||auto|false|false&#8221; custom_margin_last_edited=&#8221;on|phone&#8221; custom_css_before=&#8221;background:  #dcdcdc;||position: absolute;||content: &#8221;;||height: 90%;||width: 5px;||display: table;||opacity: 1;||visibility: visible;||left: 50%;||transform: translate(0%, 0%);||top: auto;&#8221; locked=&#8221;off&#8221; global_colors_info=&#8221;{}&#8221; custom_css_before_tablet=&#8221;display: none;&#8221; custom_css_before_phone=&#8221;display: none;&#8221; custom_css_before_last_edited=&#8221;on|desktop&#8221;][et_pb_column type=&#8221;1_2&#8243; _builder_version=&#8221;4.21.0&#8243; _module_preset=&#8221;default&#8221; global_colors_info=&#8221;{}&#8221;][et_pb_gallery gallery_ids=&#8221;368769,368771,368773,368775,368777,368779&#8243; fullwidth=&#8221;on&#8221; _builder_version=&#8221;4.23.1&#8243; _module_preset=&#8221;default&#8221; width=&#8221;80%&#8221; width_tablet=&#8221;60%&#8221; width_phone=&#8221;100%&#8221; width_last_edited=&#8221;off|phone&#8221; max_width=&#8221;100%&#8221; module_alignment=&#8221;center&#8221; locked=&#8221;off&#8221; global_colors_info=&#8221;{}&#8221;][\/et_pb_gallery][\/et_pb_column][et_pb_column type=&#8221;1_2&#8243; _builder_version=&#8221;4.21.0&#8243; _module_preset=&#8221;default&#8221; global_colors_info=&#8221;{}&#8221;][et_pb_gallery gallery_ids=&#8221;368781,368783,368785,368787,368789,368791&#8243; fullwidth=&#8221;on&#8221; _builder_version=&#8221;4.23.1&#8243; _module_preset=&#8221;default&#8221; width=&#8221;80%&#8221; width_tablet=&#8221;60%&#8221; width_phone=&#8221;100%&#8221; width_last_edited=&#8221;off|phone&#8221; max_width=&#8221;100%&#8221; module_alignment=&#8221;center&#8221; locked=&#8221;off&#8221; global_colors_info=&#8221;{}&#8221;][\/et_pb_gallery][\/et_pb_column][\/et_pb_row][et_pb_row _builder_version=&#8221;4.23.1&#8243; _module_preset=&#8221;default&#8221; max_width=&#8221;100%&#8221; custom_margin=&#8221;84px|auto||auto||&#8221; custom_margin_tablet=&#8221;84px|auto||auto||&#8221; custom_margin_phone=&#8221;0px|auto||auto|false|false&#8221; custom_margin_last_edited=&#8221;on|tablet&#8221; locked=&#8221;off&#8221; global_colors_info=&#8221;{}&#8221; custom_css_before_tablet=&#8221;display: none;&#8221; custom_css_before_phone=&#8221;display: none;&#8221; custom_css_before_last_edited=&#8221;on|desktop&#8221;][et_pb_column type=&#8221;4_4&#8243; _builder_version=&#8221;4.21.0&#8243; _module_preset=&#8221;default&#8221; global_colors_info=&#8221;{}&#8221;][et_pb_gallery gallery_ids=&#8221;368794&#8243; fullwidth=&#8221;on&#8221; _builder_version=&#8221;4.23.1&#8243; _module_preset=&#8221;default&#8221; width=&#8221;40%&#8221; width_tablet=&#8221;80%&#8221; width_phone=&#8221;100%&#8221; width_last_edited=&#8221;on|phone&#8221; max_width=&#8221;100%&#8221; module_alignment=&#8221;center&#8221; locked=&#8221;off&#8221; global_colors_info=&#8221;{}&#8221;][\/et_pb_gallery][\/et_pb_column][\/et_pb_row][\/et_pb_section][et_pb_section fb_built=&#8221;1&#8243; _builder_version=&#8221;4.21.2&#8243; _module_preset=&#8221;default&#8221; da_disable_devices=&#8221;off|off|off&#8221; global_colors_info=&#8221;{}&#8221; da_is_popup=&#8221;off&#8221; da_exit_intent=&#8221;off&#8221; da_has_close=&#8221;on&#8221; da_alt_close=&#8221;off&#8221; da_dark_close=&#8221;off&#8221; da_not_modal=&#8221;on&#8221; da_is_singular=&#8221;off&#8221; da_with_loader=&#8221;off&#8221; da_has_shadow=&#8221;on&#8221;][et_pb_row _builder_version=&#8221;4.22.1&#8243; _module_preset=&#8221;default&#8221; global_colors_info=&#8221;{}&#8221;][et_pb_column type=&#8221;4_4&#8243; _builder_version=&#8221;4.22.1&#8243; _module_preset=&#8221;default&#8221; global_colors_info=&#8221;{}&#8221;][et_pb_cta title=&#8221;Project Collage&#8221; admin_label=&#8221;Toke Header &#8211; Ragnar &#8211; Call To Action &#8211; Like No Other&#8221; _builder_version=&#8221;4.22.1&#8243; _dynamic_attributes=&#8221;content&#8221; _module_preset=&#8221;d8f37176-af8e-46ea-9f73-34ea3f550960&#8243; locked=&#8221;off&#8221; global_colors_info=&#8221;{}&#8221;]@ET-DC@eyJkeW5hbWljIjp0cnVlLCJjb250ZW50IjoicG9zdF90aXRsZSIsInNldHRpbmdzIjp7ImJlZm9yZSI6IiIsImFmdGVyIjoiIn19@[\/et_pb_cta][\/et_pb_column][\/et_pb_row][et_pb_row _builder_version=&#8221;4.21.2&#8243; _module_preset=&#8221;default&#8221; global_colors_info=&#8221;{}&#8221;][et_pb_column type=&#8221;4_4&#8243; _builder_version=&#8221;4.21.2&#8243; _module_preset=&#8221;default&#8221; global_colors_info=&#8221;{}&#8221;][dmg_masonry_gallery gallery=&#8221;368742,368745,368747,368749,368751,368753,368755,368757,368759,368761,368763,368765,368768,368770,368772,368774,368776,368778,368780,368782,368784,368786,368788,368790,368793&#8243; gutter=&#8221;15&#8243; zoom_hover=&#8221;on&#8221; columns_tablet=&#8221;2&#8243; columns_phone=&#8221;1&#8243; columns_last_edited=&#8221;on|phone&#8221; gutter_tablet=&#8221;17&#8243; gutter_phone=&#8221;30&#8243; gutter_last_edited=&#8221;on|tablet&#8221; admin_label=&#8221;Galer\u00eda de proyectos&#8221; _builder_version=&#8221;4.23.1&#8243; _module_preset=&#8221;default&#8221; global_colors_info=&#8221;{}&#8221;][\/dmg_masonry_gallery][\/et_pb_column][\/et_pb_row][et_pb_row column_structure=&#8221;1_2,1_2&#8243; _builder_version=&#8221;4.22.1&#8243; _module_preset=&#8221;default&#8221; locked=&#8221;off&#8221; global_colors_info=&#8221;{}&#8221;][et_pb_column type=&#8221;1_2&#8243; _builder_version=&#8221;4.22.1&#8243; _module_preset=&#8221;default&#8221; global_colors_info=&#8221;{}&#8221;][et_pb_button button_url=&#8221;https:\/\/ooiio.com\/en\/projects\/urban-architecture\/&#8221; button_text=&#8221;Do we see other Urban Architecture projects?&#8221; button_alignment=&#8221;right&#8221; button_alignment_tablet=&#8221;center&#8221; button_alignment_phone=&#8221;center&#8221; button_alignment_last_edited=&#8221;on|phone&#8221; _builder_version=&#8221;4.23.1&#8243; _module_preset=&#8221;default&#8221; custom_button=&#8221;on&#8221; button_text_color=&#8221;#000000&#8243; button_bg_color=&#8221;RGBA(255,255,255,0)&#8221; button_border_width=&#8221;2px&#8221; button_border_color=&#8221;#000000&#8243; button_text_size_tablet=&#8221;&#8221; button_text_size_phone=&#8221;13px&#8221; button_text_size_last_edited=&#8221;on|phone&#8221; global_colors_info=&#8221;{}&#8221; button_border_width__hover_enabled=&#8221;on|hover&#8221; button_border_width__hover=&#8221;3px&#8221; button_bg_color__hover_enabled=&#8221;on|hover&#8221; button_bg_color__hover=&#8221;RGBA(255,255,255,0)&#8221; button_bg_enable_color__hover=&#8221;on&#8221; button_text_color__hover_enabled=&#8221;on|hover&#8221; button_text_color__hover=&#8221;#1D213E&#8221; button_border_color__hover_enabled=&#8221;on|hover&#8221; button_border_color__hover=&#8221;#000000&#8243;][\/et_pb_button][\/et_pb_column][et_pb_column type=&#8221;1_2&#8243; _builder_version=&#8221;4.22.1&#8243; _module_preset=&#8221;default&#8221; global_colors_info=&#8221;{}&#8221;][et_pb_button button_url=&#8221;https:\/\/ooiio.com\/en\/projects\/&#8221; button_text=&#8221;I just want to gossip about another project&#8221; button_alignment=&#8221;left&#8221; button_alignment_tablet=&#8221;center&#8221; button_alignment_phone=&#8221;center&#8221; button_alignment_last_edited=&#8221;on|tablet&#8221; _builder_version=&#8221;4.23.1&#8243; _module_preset=&#8221;default&#8221; custom_button=&#8221;on&#8221; button_text_color=&#8221;#000000&#8243; button_bg_color=&#8221;RGBA(255,255,255,0)&#8221; button_border_width=&#8221;2px&#8221; button_border_color=&#8221;#000000&#8243; custom_padding=&#8221;|10%||10%|false|true&#8221; custom_padding_tablet=&#8221;|10%||10%|false|true&#8221; custom_padding_phone=&#8221;|15%||15%|false|true&#8221; custom_padding_last_edited=&#8221;on|desktop&#8221; button_text_size_tablet=&#8221;&#8221; button_text_size_phone=&#8221;13px&#8221; button_text_size_last_edited=&#8221;on|phone&#8221; global_colors_info=&#8221;{}&#8221; button_border_width__hover_enabled=&#8221;on|hover&#8221; button_border_width__hover=&#8221;3px&#8221; button_bg_color__hover_enabled=&#8221;on|hover&#8221; button_bg_color__hover=&#8221;RGBA(255,255,255,0)&#8221; button_bg_enable_color__hover=&#8221;on&#8221; button_text_color__hover_enabled=&#8221;on|hover&#8221; button_text_color__hover=&#8221;#1D213E&#8221; button_border_color__hover_enabled=&#8221;on|hover&#8221; button_border_color__hover=&#8221;#000000&#8243;][\/et_pb_button][\/et_pb_column][\/et_pb_row][\/et_pb_section]<\/p>\n","protected":false},"excerpt":{"rendered":"<p>The fair as an Urban Design proposal<span><span><a href=\"https:\/\/ooiio.com\/en\/\">Portada<\/a><\/span><\/span> Status: Competition. Project Year: 2018. Location: Arrecife, Lanzarote. Spain Area: 1.120 m2. Design: OOIIO Architecture. Team: Joaqu\u00edn Mill\u00e1n Villamuelas, Jes\u00fas reyes Garc\u00eda, Marina G\u00f3mez Mar\u00edn. Client: Cabildo de Lanzarote. ARTELUGIOS Urban design inspired by the world of fairs. The Plaza as the space of expression and social relationship [&hellip;]<\/p>\n","protected":false},"author":1,"featured_media":365551,"comment_status":"closed","ping_status":"closed","template":"","meta":{"_et_pb_use_builder":"on","_et_pb_old_content":"","_et_gb_content_width":"","_joinchat":[],"footnotes":""},"project_category":[367,366],"project_tag":[399,397,407],"class_list":["post-369845","project","type-project","status-publish","has-post-thumbnail","hentry","project_category-architectural-experiments","project_category-urban-architecture","project_tag-architectural-experiments","project_tag-original-architecture","project_tag-urban-architecture"],"yoast_head":"<!-- This site is optimized with the Yoast SEO Premium plugin v23.5 (Yoast SEO v27.0) - https:\/\/yoast.com\/product\/yoast-seo-premium-wordpress\/ -->\n<title>EL ALMAC\u00c9N SQUARE | Dise\u00f1o Urbano | OOIIO | Estudio de Arquitectura Singular en Madrid<\/title>\n<meta name=\"description\" content=\"OOIIO Architecture \u00b7 This urban design of a plaza is an experiment reflecting on the world of fairs and their architectural objects\" \/>\n<meta name=\"robots\" content=\"index, follow, max-snippet:-1, max-image-preview:large, max-video-preview:-1\" \/>\n<link rel=\"canonical\" href=\"https:\/\/ooiio.com\/en\/project\/el-almacen-square\/\" \/>\n<meta property=\"og:locale\" content=\"en_US\" \/>\n<meta property=\"og:type\" content=\"article\" \/>\n<meta property=\"og:title\" content=\"EL ALMAC\u00c9N SQUARE\" \/>\n<meta property=\"og:description\" content=\"OOIIO Architecture \u00b7 This urban design of a plaza is an experiment reflecting on the world of fairs and their architectural objects\" \/>\n<meta property=\"og:url\" content=\"https:\/\/ooiio.com\/en\/project\/el-almacen-square\/\" \/>\n<meta property=\"og:site_name\" content=\"OOIIO | Estudio de Arquitectura Singular en Madrid\" \/>\n<meta property=\"article:publisher\" content=\"https:\/\/www.facebook.com\/ooiio.architecture\/\" \/>\n<meta property=\"article:modified_time\" content=\"2024-11-04T16:17:27+00:00\" \/>\n<meta property=\"og:image\" content=\"https:\/\/ooiio.com\/wp-content\/uploads\/2023\/08\/PLAZA-EL-ALMACEN-ooiio-arquitectura.webp\" \/>\n\t<meta property=\"og:image:width\" content=\"1134\" \/>\n\t<meta property=\"og:image:height\" content=\"850\" \/>\n\t<meta property=\"og:image:type\" content=\"image\/webp\" \/>\n<meta name=\"twitter:card\" content=\"summary_large_image\" \/>\n<meta name=\"twitter:site\" content=\"@ooiioarchitects\" \/>\n<meta name=\"twitter:label1\" content=\"Est. reading time\" \/>\n\t<meta name=\"twitter:data1\" content=\"12 minutes\" \/>\n<script type=\"application\/ld+json\" class=\"yoast-schema-graph\">{\"@context\":\"https:\/\/schema.org\",\"@graph\":[{\"@type\":\"WebPage\",\"@id\":\"https:\/\/ooiio.com\/en\/project\/el-almacen-square\/\",\"url\":\"https:\/\/ooiio.com\/en\/project\/el-almacen-square\/\",\"name\":\"EL ALMAC\u00c9N SQUARE | Dise\u00f1o Urbano | OOIIO | Estudio de Arquitectura Singular en Madrid\",\"isPartOf\":{\"@id\":\"https:\/\/ooiio.com\/en\/#website\"},\"primaryImageOfPage\":{\"@id\":\"https:\/\/ooiio.com\/en\/project\/el-almacen-square\/#primaryimage\"},\"image\":{\"@id\":\"https:\/\/ooiio.com\/en\/project\/el-almacen-square\/#primaryimage\"},\"thumbnailUrl\":\"https:\/\/ooiio.com\/wp-content\/uploads\/2023\/08\/PLAZA-EL-ALMACEN-ooiio-arquitectura.webp\",\"datePublished\":\"2023-10-07T12:20:00+00:00\",\"dateModified\":\"2024-11-04T16:17:27+00:00\",\"description\":\"OOIIO Architecture \u00b7 This urban design of a plaza is an experiment reflecting on the world of fairs and their architectural objects\",\"breadcrumb\":{\"@id\":\"https:\/\/ooiio.com\/en\/project\/el-almacen-square\/#breadcrumb\"},\"inLanguage\":\"en-US\",\"potentialAction\":[{\"@type\":\"ReadAction\",\"target\":[\"https:\/\/ooiio.com\/en\/project\/el-almacen-square\/\"]}]},{\"@type\":\"ImageObject\",\"inLanguage\":\"en-US\",\"@id\":\"https:\/\/ooiio.com\/en\/project\/el-almacen-square\/#primaryimage\",\"url\":\"https:\/\/ooiio.com\/wp-content\/uploads\/2023\/08\/PLAZA-EL-ALMACEN-ooiio-arquitectura.webp\",\"contentUrl\":\"https:\/\/ooiio.com\/wp-content\/uploads\/2023\/08\/PLAZA-EL-ALMACEN-ooiio-arquitectura.webp\",\"width\":1134,\"height\":850,\"caption\":\"PLAZA EL ALMACEN ooiio arquitectura\"},{\"@type\":\"BreadcrumbList\",\"@id\":\"https:\/\/ooiio.com\/en\/project\/el-almacen-square\/#breadcrumb\",\"itemListElement\":[{\"@type\":\"ListItem\",\"position\":1,\"name\":\"Portada\",\"item\":\"https:\/\/ooiio.com\/en\/\"},{\"@type\":\"ListItem\",\"position\":2,\"name\":\"Projects\",\"item\":\"https:\/\/ooiio.com\/en\/project\/\"},{\"@type\":\"ListItem\",\"position\":3,\"name\":\"EL ALMAC\u00c9N SQUARE\"}]},{\"@type\":\"WebSite\",\"@id\":\"https:\/\/ooiio.com\/en\/#website\",\"url\":\"https:\/\/ooiio.com\/en\/\",\"name\":\"OOIIO - Estudio de Arquitectura Singular en Madrid\",\"description\":\"Estudio de Arquitectura Singular en Madrid\",\"publisher\":{\"@id\":\"https:\/\/ooiio.com\/en\/#organization\"},\"potentialAction\":[{\"@type\":\"SearchAction\",\"target\":{\"@type\":\"EntryPoint\",\"urlTemplate\":\"https:\/\/ooiio.com\/en\/?s={search_term_string}\"},\"query-input\":{\"@type\":\"PropertyValueSpecification\",\"valueRequired\":true,\"valueName\":\"search_term_string\"}}],\"inLanguage\":\"en-US\"},{\"@type\":\"Organization\",\"@id\":\"https:\/\/ooiio.com\/en\/#organization\",\"name\":\"OOIIO - Estudio de Arquitectura Singular en Madrid\",\"url\":\"https:\/\/ooiio.com\/en\/\",\"logo\":{\"@type\":\"ImageObject\",\"inLanguage\":\"en-US\",\"@id\":\"https:\/\/ooiio.com\/en\/#\/schema\/logo\/image\/\",\"url\":\"https:\/\/ooiio.com\/wp-content\/uploads\/2023\/02\/ooiio-logo1.webp\",\"contentUrl\":\"https:\/\/ooiio.com\/wp-content\/uploads\/2023\/02\/ooiio-logo1.webp\",\"width\":300,\"height\":131,\"caption\":\"OOIIO - Estudio de Arquitectura Singular en Madrid\"},\"image\":{\"@id\":\"https:\/\/ooiio.com\/en\/#\/schema\/logo\/image\/\"},\"sameAs\":[\"https:\/\/www.facebook.com\/ooiio.architecture\/\",\"https:\/\/x.com\/ooiioarchitects\",\"https:\/\/www.instagram.com\/ooiio_architecture\/\"]}]}<\/script>\n<!-- \/ Yoast SEO Premium plugin. -->","yoast_head_json":{"title":"EL ALMAC\u00c9N SQUARE | Dise\u00f1o Urbano | OOIIO | Estudio de Arquitectura Singular en Madrid","description":"OOIIO Architecture \u00b7 This urban design of a plaza is an experiment reflecting on the world of fairs and their architectural objects","robots":{"index":"index","follow":"follow","max-snippet":"max-snippet:-1","max-image-preview":"max-image-preview:large","max-video-preview":"max-video-preview:-1"},"canonical":"https:\/\/ooiio.com\/en\/project\/el-almacen-square\/","og_locale":"en_US","og_type":"article","og_title":"EL ALMAC\u00c9N SQUARE","og_description":"OOIIO Architecture \u00b7 This urban design of a plaza is an experiment reflecting on the world of fairs and their architectural objects","og_url":"https:\/\/ooiio.com\/en\/project\/el-almacen-square\/","og_site_name":"OOIIO | Estudio de Arquitectura Singular en Madrid","article_publisher":"https:\/\/www.facebook.com\/ooiio.architecture\/","article_modified_time":"2024-11-04T16:17:27+00:00","og_image":[{"width":1134,"height":850,"url":"https:\/\/ooiio.com\/wp-content\/uploads\/2023\/08\/PLAZA-EL-ALMACEN-ooiio-arquitectura.webp","type":"image\/webp"}],"twitter_card":"summary_large_image","twitter_site":"@ooiioarchitects","twitter_misc":{"Est. reading time":"12 minutes"},"schema":{"@context":"https:\/\/schema.org","@graph":[{"@type":"WebPage","@id":"https:\/\/ooiio.com\/en\/project\/el-almacen-square\/","url":"https:\/\/ooiio.com\/en\/project\/el-almacen-square\/","name":"EL ALMAC\u00c9N SQUARE | Dise\u00f1o Urbano | OOIIO | Estudio de Arquitectura Singular en Madrid","isPartOf":{"@id":"https:\/\/ooiio.com\/en\/#website"},"primaryImageOfPage":{"@id":"https:\/\/ooiio.com\/en\/project\/el-almacen-square\/#primaryimage"},"image":{"@id":"https:\/\/ooiio.com\/en\/project\/el-almacen-square\/#primaryimage"},"thumbnailUrl":"https:\/\/ooiio.com\/wp-content\/uploads\/2023\/08\/PLAZA-EL-ALMACEN-ooiio-arquitectura.webp","datePublished":"2023-10-07T12:20:00+00:00","dateModified":"2024-11-04T16:17:27+00:00","description":"OOIIO Architecture \u00b7 This urban design of a plaza is an experiment reflecting on the world of fairs and their architectural objects","breadcrumb":{"@id":"https:\/\/ooiio.com\/en\/project\/el-almacen-square\/#breadcrumb"},"inLanguage":"en-US","potentialAction":[{"@type":"ReadAction","target":["https:\/\/ooiio.com\/en\/project\/el-almacen-square\/"]}]},{"@type":"ImageObject","inLanguage":"en-US","@id":"https:\/\/ooiio.com\/en\/project\/el-almacen-square\/#primaryimage","url":"https:\/\/ooiio.com\/wp-content\/uploads\/2023\/08\/PLAZA-EL-ALMACEN-ooiio-arquitectura.webp","contentUrl":"https:\/\/ooiio.com\/wp-content\/uploads\/2023\/08\/PLAZA-EL-ALMACEN-ooiio-arquitectura.webp","width":1134,"height":850,"caption":"PLAZA EL ALMACEN ooiio arquitectura"},{"@type":"BreadcrumbList","@id":"https:\/\/ooiio.com\/en\/project\/el-almacen-square\/#breadcrumb","itemListElement":[{"@type":"ListItem","position":1,"name":"Portada","item":"https:\/\/ooiio.com\/en\/"},{"@type":"ListItem","position":2,"name":"Projects","item":"https:\/\/ooiio.com\/en\/project\/"},{"@type":"ListItem","position":3,"name":"EL ALMAC\u00c9N SQUARE"}]},{"@type":"WebSite","@id":"https:\/\/ooiio.com\/en\/#website","url":"https:\/\/ooiio.com\/en\/","name":"OOIIO - Estudio de Arquitectura Singular en Madrid","description":"Estudio de Arquitectura Singular en Madrid","publisher":{"@id":"https:\/\/ooiio.com\/en\/#organization"},"potentialAction":[{"@type":"SearchAction","target":{"@type":"EntryPoint","urlTemplate":"https:\/\/ooiio.com\/en\/?s={search_term_string}"},"query-input":{"@type":"PropertyValueSpecification","valueRequired":true,"valueName":"search_term_string"}}],"inLanguage":"en-US"},{"@type":"Organization","@id":"https:\/\/ooiio.com\/en\/#organization","name":"OOIIO - Estudio de Arquitectura Singular en Madrid","url":"https:\/\/ooiio.com\/en\/","logo":{"@type":"ImageObject","inLanguage":"en-US","@id":"https:\/\/ooiio.com\/en\/#\/schema\/logo\/image\/","url":"https:\/\/ooiio.com\/wp-content\/uploads\/2023\/02\/ooiio-logo1.webp","contentUrl":"https:\/\/ooiio.com\/wp-content\/uploads\/2023\/02\/ooiio-logo1.webp","width":300,"height":131,"caption":"OOIIO - Estudio de Arquitectura Singular en Madrid"},"image":{"@id":"https:\/\/ooiio.com\/en\/#\/schema\/logo\/image\/"},"sameAs":["https:\/\/www.facebook.com\/ooiio.architecture\/","https:\/\/x.com\/ooiioarchitects","https:\/\/www.instagram.com\/ooiio_architecture\/"]}]}},"_links":{"self":[{"href":"https:\/\/ooiio.com\/en\/wp-json\/wp\/v2\/project\/369845","targetHints":{"allow":["GET"]}}],"collection":[{"href":"https:\/\/ooiio.com\/en\/wp-json\/wp\/v2\/project"}],"about":[{"href":"https:\/\/ooiio.com\/en\/wp-json\/wp\/v2\/types\/project"}],"author":[{"embeddable":true,"href":"https:\/\/ooiio.com\/en\/wp-json\/wp\/v2\/users\/1"}],"replies":[{"embeddable":true,"href":"https:\/\/ooiio.com\/en\/wp-json\/wp\/v2\/comments?post=369845"}],"version-history":[{"count":0,"href":"https:\/\/ooiio.com\/en\/wp-json\/wp\/v2\/project\/369845\/revisions"}],"wp:featuredmedia":[{"embeddable":true,"href":"https:\/\/ooiio.com\/en\/wp-json\/wp\/v2\/media\/365551"}],"wp:attachment":[{"href":"https:\/\/ooiio.com\/en\/wp-json\/wp\/v2\/media?parent=369845"}],"wp:term":[{"taxonomy":"project_category","embeddable":true,"href":"https:\/\/ooiio.com\/en\/wp-json\/wp\/v2\/project_category?post=369845"},{"taxonomy":"project_tag","embeddable":true,"href":"https:\/\/ooiio.com\/en\/wp-json\/wp\/v2\/project_tag?post=369845"}],"curies":[{"name":"wp","href":"https:\/\/api.w.org\/{rel}","templated":true}]}}